{"id":3054,"date":"2025-06-24T17:19:42","date_gmt":"2025-06-24T17:19:42","guid":{"rendered":"https:\/\/fsacali.org\/inicio\/?page_id=3054"},"modified":"2025-06-24T19:09:13","modified_gmt":"2025-06-24T19:09:13","slug":"regimen-tributario-especial-2023","status":"publish","type":"page","link":"https:\/\/fsacali.org\/inicio\/regimen-tributario-especial-2023\/","title":{"rendered":"2023 R\u00e9gimen Tributario Especial"},"content":{"rendered":"\t\t<div data-elementor-type=\"wp-page\" data-elementor-id=\"3054\" class=\"elementor elementor-3054\" data-elementor-post-type=\"page\">\n\t\t\t\t\t\t<section class=\"elementor-section elementor-top-section elementor-element elementor-element-7f4097b0 elementor-section-stretched elementor-section-boxed elementor-section-height-default elementor-section-height-default\" data-id=\"7f4097b0\" data-element_type=\"section\" data-e-type=\"section\" data-settings=\"{&quot;stretch_section&quot;:&quot;section-stretched&quot;,&quot;background_background&quot;:&quot;classic&quot;}\">\n\t\t\t\t\t\t<div class=\"elementor-container elementor-column-gap-default\">\n\t\t\t\t\t<div class=\"elementor-column elementor-col-100 elementor-top-column elementor-element elementor-element-363e2c80\" data-id=\"363e2c80\" data-element_type=\"column\" data-e-type=\"column\">\n\t\t\t<div class=\"elementor-widget-wrap elementor-element-populated\">\n\t\t\t\t\t\t<div class=\"elementor-element elementor-element-19147e50 elementor-widget elementor-widget-image\" data-id=\"19147e50\" data-element_type=\"widget\" data-e-type=\"widget\" data-widget_type=\"image.default\">\n\t\t\t\t<div class=\"elementor-widget-container\">\n\t\t\t\t\t\t\t\t\t\t\t\t\t\t\t<img fetchpriority=\"high\" decoding=\"async\" width=\"512\" height=\"512\" src=\"https:\/\/fsacali.org\/inicio\/wp-content\/uploads\/2023\/05\/dashboard.png\" class=\"attachment-large size-large wp-image-420\" alt=\"\" srcset=\"https:\/\/fsacali.org\/inicio\/wp-content\/uploads\/2023\/05\/dashboard.png 512w, https:\/\/fsacali.org\/inicio\/wp-content\/uploads\/2023\/05\/dashboard-300x300.png 300w, https:\/\/fsacali.org\/inicio\/wp-content\/uploads\/2023\/05\/dashboard-150x150.png 150w\" sizes=\"(max-width: 512px) 100vw, 512px\" \/>\t\t\t\t\t\t\t\t\t\t\t\t\t\t\t<\/div>\n\t\t\t\t<\/div>\n\t\t\t\t<div class=\"elementor-element elementor-element-77dba34e premium-header-block premium-lq__none premium-box-lq__none elementor-widget elementor-widget-premium-addon-dual-header\" data-id=\"77dba34e\" data-element_type=\"widget\" data-e-type=\"widget\" data-widget_type=\"premium-addon-dual-header.default\">\n\t\t\t\t\t\n\t\t<div class=\"elementor-widget-container\">\n\t\t<div class=\"premium-dual-header-wrapper\">\n\t\t\t\t\t<h2 class=\"premium-dual-header-first-header \"><span class=\"premium-dual-header-first-span\">INFORMES DE GESTI\u00d3N <\/span><span class=\"premium-dual-header-second-header \">R\u00c9GIMEN TRIBUTARIO ESPECIAL - 2023<\/span><\/h2> \t\t\t\t\t\t<\/div>\n\t\t<\/div>\n\n\t\t\t\t\t\t<\/div>\n\t\t\t\t<div class=\"elementor-element elementor-element-3923d2e8 elementor-widget elementor-widget-text-editor\" data-id=\"3923d2e8\" data-element_type=\"widget\" data-e-type=\"widget\" data-widget_type=\"text-editor.default\">\n\t\t\t\t<div class=\"elementor-widget-container\">\n\t\t\t\t\t\t\t\t\t<p>Nuestro objetivo es brindarte transparencia y claridad en todos los aspectos legales y tributarios de nuestra fundaci\u00f3n. Si tienes alguna pregunta o necesitas m\u00e1s informaci\u00f3n, no dudes en ponerte en contacto con nuestro equipo. Estaremos encantados de asistirte en todo lo que podamos.<\/p>\t\t\t\t\t\t\t\t<\/div>\n\t\t\t\t<\/div>\n\t\t\t\t\t<\/div>\n\t\t<\/div>\n\t\t\t\t\t<\/div>\n\t\t<\/section>\n\t\t\t\t<section class=\"elementor-section elementor-top-section elementor-element elementor-element-357773c elementor-section-height-min-height elementor-section-boxed elementor-section-height-default elementor-section-items-middle\" data-id=\"357773c\" data-element_type=\"section\" data-e-type=\"section\">\n\t\t\t\t\t\t<div class=\"elementor-container elementor-column-gap-default\">\n\t\t\t\t\t<div class=\"elementor-column elementor-col-100 elementor-top-column elementor-element elementor-element-d454baf\" data-id=\"d454baf\" data-element_type=\"column\" data-e-type=\"column\">\n\t\t\t<div class=\"elementor-widget-wrap\">\n\t\t\t\t\t\t\t<\/div>\n\t\t<\/div>\n\t\t\t\t\t<\/div>\n\t\t<\/section>\n\t\t\t\t<section class=\"elementor-section elementor-top-section elementor-element elementor-element-7571877 elementor-section-height-min-height elementor-section-boxed elementor-section-height-default elementor-section-items-middle\" data-id=\"7571877\" data-element_type=\"section\" data-e-type=\"section\">\n\t\t\t\t\t\t<div class=\"elementor-container elementor-column-gap-default\">\n\t\t\t\t\t<div class=\"elementor-column elementor-col-25 elementor-top-column elementor-element elementor-element-edf75cf\" data-id=\"edf75cf\" data-element_type=\"column\" data-e-type=\"column\">\n\t\t\t<div class=\"elementor-widget-wrap elementor-element-populated\">\n\t\t\t\t\t\t<div class=\"elementor-element elementor-element-17db4c1 elementor-widget elementor-widget-image\" data-id=\"17db4c1\" data-element_type=\"widget\" data-e-type=\"widget\" data-widget_type=\"image.default\">\n\t\t\t\t<div class=\"elementor-widget-container\">\n\t\t\t\t\t\t\t\t\t\t\t\t\t\t\t\t<a href=\"https:\/\/fsacali.org\/doc_pdf_2023\/Cartilla_Acciones_Sociales_23_FSA.pdf\">\n\t\t\t\t\t\t\t<img decoding=\"async\" width=\"512\" height=\"512\" src=\"https:\/\/fsacali.org\/inicio\/wp-content\/uploads\/2023\/05\/pdf.png\" class=\"attachment-large size-large wp-image-421\" alt=\"\" srcset=\"https:\/\/fsacali.org\/inicio\/wp-content\/uploads\/2023\/05\/pdf.png 512w, https:\/\/fsacali.org\/inicio\/wp-content\/uploads\/2023\/05\/pdf-300x300.png 300w, https:\/\/fsacali.org\/inicio\/wp-content\/uploads\/2023\/05\/pdf-150x150.png 150w, https:\/\/fsacali.org\/inicio\/wp-content\/uploads\/2023\/05\/elementor\/thumbs\/pdf-q6wfojl23v940iqvn3x9gday67uqrm25cvx4atayk4.png 50w\" sizes=\"(max-width: 512px) 100vw, 512px\" \/>\t\t\t\t\t\t\t\t<\/a>\n\t\t\t\t\t\t\t\t\t\t\t\t\t\t\t<\/div>\n\t\t\t\t<\/div>\n\t\t\t\t<div class=\"elementor-element elementor-element-e5a1528 elementor-widget elementor-widget-heading\" data-id=\"e5a1528\" data-element_type=\"widget\" data-e-type=\"widget\" data-widget_type=\"heading.default\">\n\t\t\t\t<div class=\"elementor-widget-container\">\n\t\t\t\t\t<h6 class=\"elementor-heading-title elementor-size-default\"><a href=\"https:\/\/fsacali.org\/images\/Informativo\/2022\/Regimen-Tributario-Especial-2023.pdf\" target=\"_blank\">Cartilla-Acciones Sociales 23 FSA<\/a><\/h6>\t\t\t\t<\/div>\n\t\t\t\t<\/div>\n\t\t\t\t\t<\/div>\n\t\t<\/div>\n\t\t\t\t<div class=\"elementor-column elementor-col-25 elementor-top-column elementor-element elementor-element-64e5986\" data-id=\"64e5986\" data-element_type=\"column\" data-e-type=\"column\">\n\t\t\t<div class=\"elementor-widget-wrap elementor-element-populated\">\n\t\t\t\t\t\t<div class=\"elementor-element elementor-element-59a5721 elementor-widget elementor-widget-image\" data-id=\"59a5721\" data-element_type=\"widget\" data-e-type=\"widget\" data-widget_type=\"image.default\">\n\t\t\t\t<div class=\"elementor-widget-container\">\n\t\t\t\t\t\t\t\t\t\t\t\t\t\t\t\t<a href=\"https:\/\/fsacali.org\/doc_pdf_2023\/Rut_Fundacion_Solidaria_Arquidiocesana.pdf\">\n\t\t\t\t\t\t\t<img decoding=\"async\" width=\"512\" height=\"512\" src=\"https:\/\/fsacali.org\/inicio\/wp-content\/uploads\/2023\/05\/pdf.png\" class=\"attachment-large size-large wp-image-421\" alt=\"\" srcset=\"https:\/\/fsacali.org\/inicio\/wp-content\/uploads\/2023\/05\/pdf.png 512w, https:\/\/fsacali.org\/inicio\/wp-content\/uploads\/2023\/05\/pdf-300x300.png 300w, https:\/\/fsacali.org\/inicio\/wp-content\/uploads\/2023\/05\/pdf-150x150.png 150w, https:\/\/fsacali.org\/inicio\/wp-content\/uploads\/2023\/05\/elementor\/thumbs\/pdf-q6wfojl23v940iqvn3x9gday67uqrm25cvx4atayk4.png 50w\" sizes=\"(max-width: 512px) 100vw, 512px\" \/>\t\t\t\t\t\t\t\t<\/a>\n\t\t\t\t\t\t\t\t\t\t\t\t\t\t\t<\/div>\n\t\t\t\t<\/div>\n\t\t\t\t<div class=\"elementor-element elementor-element-84e5c97 elementor-widget elementor-widget-heading\" data-id=\"84e5c97\" data-element_type=\"widget\" data-e-type=\"widget\" data-widget_type=\"heading.default\">\n\t\t\t\t<div class=\"elementor-widget-container\">\n\t\t\t\t\t<h6 class=\"elementor-heading-title elementor-size-default\"><a href=\"https:\/\/fsacali.org\/images\/Informativo\/2022\/E.E.F.F-Fundacion-Solidaria-Arquidiocesana-2022.pdf\" target=\"_blank\">Rut Fundacion Solidaria Arquidiocesana<\/a><\/h6>\t\t\t\t<\/div>\n\t\t\t\t<\/div>\n\t\t\t\t\t<\/div>\n\t\t<\/div>\n\t\t\t\t<div class=\"elementor-column elementor-col-25 elementor-top-column elementor-element elementor-element-75bc407\" data-id=\"75bc407\" data-element_type=\"column\" data-e-type=\"column\">\n\t\t\t<div class=\"elementor-widget-wrap elementor-element-populated\">\n\t\t\t\t\t\t<div class=\"elementor-element elementor-element-7fec2da elementor-widget elementor-widget-image\" data-id=\"7fec2da\" data-element_type=\"widget\" data-e-type=\"widget\" data-widget_type=\"image.default\">\n\t\t\t\t<div class=\"elementor-widget-container\">\n\t\t\t\t\t\t\t\t\t\t\t\t\t\t\t\t<a href=\"https:\/\/fsacali.org\/doc_pdf_2023\/E_E_F_F_Fundacion_Solidaria_Arquidiocesana.pdf\">\n\t\t\t\t\t\t\t<img decoding=\"async\" width=\"512\" height=\"512\" src=\"https:\/\/fsacali.org\/inicio\/wp-content\/uploads\/2023\/05\/pdf.png\" class=\"attachment-large size-large wp-image-421\" alt=\"\" srcset=\"https:\/\/fsacali.org\/inicio\/wp-content\/uploads\/2023\/05\/pdf.png 512w, https:\/\/fsacali.org\/inicio\/wp-content\/uploads\/2023\/05\/pdf-300x300.png 300w, https:\/\/fsacali.org\/inicio\/wp-content\/uploads\/2023\/05\/pdf-150x150.png 150w, https:\/\/fsacali.org\/inicio\/wp-content\/uploads\/2023\/05\/elementor\/thumbs\/pdf-q6wfojl23v940iqvn3x9gday67uqrm25cvx4atayk4.png 50w\" sizes=\"(max-width: 512px) 100vw, 512px\" \/>\t\t\t\t\t\t\t\t<\/a>\n\t\t\t\t\t\t\t\t\t\t\t\t\t\t\t<\/div>\n\t\t\t\t<\/div>\n\t\t\t\t<div class=\"elementor-element elementor-element-63e412d elementor-widget elementor-widget-heading\" data-id=\"63e412d\" data-element_type=\"widget\" data-e-type=\"widget\" data-widget_type=\"heading.default\">\n\t\t\t\t<div class=\"elementor-widget-container\">\n\t\t\t\t\t<h6 class=\"elementor-heading-title elementor-size-default\"><a href=\"https:\/\/fsacali.org\/images\/Informativo\/2022\/Certificado-de-Representacion-Legal.pdf\" target=\"_blank\">E.E.F.F. Fundacion Solidaria Arquidiocesana 2023<\/a><\/h6>\t\t\t\t<\/div>\n\t\t\t\t<\/div>\n\t\t\t\t\t<\/div>\n\t\t<\/div>\n\t\t\t\t<div class=\"elementor-column elementor-col-25 elementor-top-column elementor-element elementor-element-f112a42\" data-id=\"f112a42\" data-element_type=\"column\" data-e-type=\"column\">\n\t\t\t<div class=\"elementor-widget-wrap elementor-element-populated\">\n\t\t\t\t\t\t<div class=\"elementor-element elementor-element-0e4433f elementor-widget elementor-widget-image\" data-id=\"0e4433f\" data-element_type=\"widget\" data-e-type=\"widget\" data-widget_type=\"image.default\">\n\t\t\t\t<div class=\"elementor-widget-container\">\n\t\t\t\t\t\t\t\t\t\t\t\t\t\t\t\t<a href=\"https:\/\/fsacali.org\/doc_pdf_2023\/Certificado-de-Representacion-Legal.pdf\">\n\t\t\t\t\t\t\t<img decoding=\"async\" width=\"512\" height=\"512\" src=\"https:\/\/fsacali.org\/inicio\/wp-content\/uploads\/2023\/05\/pdf.png\" class=\"attachment-large size-large wp-image-421\" alt=\"\" srcset=\"https:\/\/fsacali.org\/inicio\/wp-content\/uploads\/2023\/05\/pdf.png 512w, https:\/\/fsacali.org\/inicio\/wp-content\/uploads\/2023\/05\/pdf-300x300.png 300w, https:\/\/fsacali.org\/inicio\/wp-content\/uploads\/2023\/05\/pdf-150x150.png 150w, https:\/\/fsacali.org\/inicio\/wp-content\/uploads\/2023\/05\/elementor\/thumbs\/pdf-q6wfojl23v940iqvn3x9gday67uqrm25cvx4atayk4.png 50w\" sizes=\"(max-width: 512px) 100vw, 512px\" \/>\t\t\t\t\t\t\t\t<\/a>\n\t\t\t\t\t\t\t\t\t\t\t\t\t\t\t<\/div>\n\t\t\t\t<\/div>\n\t\t\t\t<div class=\"elementor-element elementor-element-91595ad elementor-widget elementor-widget-heading\" data-id=\"91595ad\" data-element_type=\"widget\" data-e-type=\"widget\" data-widget_type=\"heading.default\">\n\t\t\t\t<div class=\"elementor-widget-container\">\n\t\t\t\t\t<h6 class=\"elementor-heading-title elementor-size-default\"><a href=\"https:\/\/fsacali.org\/images\/Informativo\/2022\/Acta-No-002-2023v1.pdf\" target=\"_blank\">Certificado de Representacion Legal<\/a><\/h6>\t\t\t\t<\/div>\n\t\t\t\t<\/div>\n\t\t\t\t\t<\/div>\n\t\t<\/div>\n\t\t\t\t\t<\/div>\n\t\t<\/section>\n\t\t\t\t<section class=\"elementor-section elementor-top-section elementor-element elementor-element-af64faf elementor-section-height-min-height elementor-section-boxed elementor-section-height-default elementor-section-items-middle\" data-id=\"af64faf\" data-element_type=\"section\" data-e-type=\"section\">\n\t\t\t\t\t\t<div class=\"elementor-container elementor-column-gap-default\">\n\t\t\t\t\t<div class=\"elementor-column elementor-col-25 elementor-top-column elementor-element elementor-element-d678f45\" data-id=\"d678f45\" data-element_type=\"column\" data-e-type=\"column\">\n\t\t\t<div class=\"elementor-widget-wrap elementor-element-populated\">\n\t\t\t\t\t\t<div class=\"elementor-element elementor-element-8db2c3e elementor-widget elementor-widget-image\" data-id=\"8db2c3e\" data-element_type=\"widget\" data-e-type=\"widget\" data-widget_type=\"image.default\">\n\t\t\t\t<div class=\"elementor-widget-container\">\n\t\t\t\t\t\t\t\t\t\t\t\t\t\t\t\t<a href=\"https:\/\/fsacali.org\/doc_pdf_2023\/Certificacion_Antecedentes.pdf\">\n\t\t\t\t\t\t\t<img decoding=\"async\" width=\"512\" height=\"512\" src=\"https:\/\/fsacali.org\/inicio\/wp-content\/uploads\/2023\/05\/pdf.png\" class=\"attachment-large size-large wp-image-421\" alt=\"\" srcset=\"https:\/\/fsacali.org\/inicio\/wp-content\/uploads\/2023\/05\/pdf.png 512w, https:\/\/fsacali.org\/inicio\/wp-content\/uploads\/2023\/05\/pdf-300x300.png 300w, https:\/\/fsacali.org\/inicio\/wp-content\/uploads\/2023\/05\/pdf-150x150.png 150w, https:\/\/fsacali.org\/inicio\/wp-content\/uploads\/2023\/05\/elementor\/thumbs\/pdf-q6wfojl23v940iqvn3x9gday67uqrm25cvx4atayk4.png 50w\" sizes=\"(max-width: 512px) 100vw, 512px\" \/>\t\t\t\t\t\t\t\t<\/a>\n\t\t\t\t\t\t\t\t\t\t\t\t\t\t\t<\/div>\n\t\t\t\t<\/div>\n\t\t\t\t<div class=\"elementor-element elementor-element-13acee9 elementor-widget elementor-widget-heading\" data-id=\"13acee9\" data-element_type=\"widget\" data-e-type=\"widget\" data-widget_type=\"heading.default\">\n\t\t\t\t<div class=\"elementor-widget-container\">\n\t\t\t\t\t<h6 class=\"elementor-heading-title elementor-size-default\"><a href=\"https:\/\/fsacali.org\/images\/Informativo\/2022\/02.Declaracion-de-Renta-AG-2022.pdf\" target=\"_blank\">Certificado de Antecedentes<\/a><\/h6>\t\t\t\t<\/div>\n\t\t\t\t<\/div>\n\t\t\t\t\t<\/div>\n\t\t<\/div>\n\t\t\t\t<div class=\"elementor-column elementor-col-25 elementor-top-column elementor-element elementor-element-8c01a62\" data-id=\"8c01a62\" data-element_type=\"column\" data-e-type=\"column\">\n\t\t\t<div class=\"elementor-widget-wrap elementor-element-populated\">\n\t\t\t\t\t\t<div class=\"elementor-element elementor-element-28de936 elementor-widget elementor-widget-image\" data-id=\"28de936\" data-element_type=\"widget\" data-e-type=\"widget\" data-widget_type=\"image.default\">\n\t\t\t\t<div class=\"elementor-widget-container\">\n\t\t\t\t\t\t\t\t\t\t\t\t\t\t\t\t<a href=\"https:\/\/fsacali.org\/doc_pdf_2023\/Acta_No_002_2024.pdf\">\n\t\t\t\t\t\t\t<img decoding=\"async\" width=\"512\" height=\"512\" src=\"https:\/\/fsacali.org\/inicio\/wp-content\/uploads\/2023\/05\/pdf.png\" class=\"attachment-large size-large wp-image-421\" alt=\"\" srcset=\"https:\/\/fsacali.org\/inicio\/wp-content\/uploads\/2023\/05\/pdf.png 512w, https:\/\/fsacali.org\/inicio\/wp-content\/uploads\/2023\/05\/pdf-300x300.png 300w, https:\/\/fsacali.org\/inicio\/wp-content\/uploads\/2023\/05\/pdf-150x150.png 150w, https:\/\/fsacali.org\/inicio\/wp-content\/uploads\/2023\/05\/elementor\/thumbs\/pdf-q6wfojl23v940iqvn3x9gday67uqrm25cvx4atayk4.png 50w\" sizes=\"(max-width: 512px) 100vw, 512px\" \/>\t\t\t\t\t\t\t\t<\/a>\n\t\t\t\t\t\t\t\t\t\t\t\t\t\t\t<\/div>\n\t\t\t\t<\/div>\n\t\t\t\t<div class=\"elementor-element elementor-element-d2fcaee elementor-widget elementor-widget-heading\" data-id=\"d2fcaee\" data-element_type=\"widget\" data-e-type=\"widget\" data-widget_type=\"heading.default\">\n\t\t\t\t<div class=\"elementor-widget-container\">\n\t\t\t\t\t<h6 class=\"elementor-heading-title elementor-size-default\"><a href=\"https:\/\/fsacali.org\/images\/Informativo\/2022\/Revista-Informe-Gestion-Fundacion-Soldiaria-medium.pdf\" target=\"_blank\">Acta No 002-2024-v1<\/a><\/h6>\t\t\t\t<\/div>\n\t\t\t\t<\/div>\n\t\t\t\t\t<\/div>\n\t\t<\/div>\n\t\t\t\t<div class=\"elementor-column elementor-col-25 elementor-top-column elementor-element elementor-element-56c7615\" data-id=\"56c7615\" data-element_type=\"column\" data-e-type=\"column\">\n\t\t\t<div class=\"elementor-widget-wrap elementor-element-populated\">\n\t\t\t\t\t\t<div class=\"elementor-element elementor-element-eef7e6d elementor-widget elementor-widget-image\" data-id=\"eef7e6d\" data-element_type=\"widget\" data-e-type=\"widget\" data-widget_type=\"image.default\">\n\t\t\t\t<div class=\"elementor-widget-container\">\n\t\t\t\t\t\t\t\t\t\t\t\t\t\t\t\t<a href=\"https:\/\/fsacali.org\/doc_pdf_2023\/Declaracion_de_Renta_AG_2023.pdf\">\n\t\t\t\t\t\t\t<img decoding=\"async\" width=\"512\" height=\"512\" src=\"https:\/\/fsacali.org\/inicio\/wp-content\/uploads\/2023\/05\/pdf.png\" class=\"attachment-large size-large wp-image-421\" alt=\"\" srcset=\"https:\/\/fsacali.org\/inicio\/wp-content\/uploads\/2023\/05\/pdf.png 512w, https:\/\/fsacali.org\/inicio\/wp-content\/uploads\/2023\/05\/pdf-300x300.png 300w, https:\/\/fsacali.org\/inicio\/wp-content\/uploads\/2023\/05\/pdf-150x150.png 150w, https:\/\/fsacali.org\/inicio\/wp-content\/uploads\/2023\/05\/elementor\/thumbs\/pdf-q6wfojl23v940iqvn3x9gday67uqrm25cvx4atayk4.png 50w\" sizes=\"(max-width: 512px) 100vw, 512px\" \/>\t\t\t\t\t\t\t\t<\/a>\n\t\t\t\t\t\t\t\t\t\t\t\t\t\t\t<\/div>\n\t\t\t\t<\/div>\n\t\t\t\t<div class=\"elementor-element elementor-element-b9b4860 elementor-widget elementor-widget-heading\" data-id=\"b9b4860\" data-element_type=\"widget\" data-e-type=\"widget\" data-widget_type=\"heading.default\">\n\t\t\t\t<div class=\"elementor-widget-container\">\n\t\t\t\t\t<h6 class=\"elementor-heading-title elementor-size-default\"><a href=\"https:\/\/fsacali.org\/images\/Informativo\/2022\/certificado-cumplimientode-requisitos-2023-Representantelegal.pdf\" target=\"_blank\">02.Decalaracion de Renta AG 2023<\/a><\/h6>\t\t\t\t<\/div>\n\t\t\t\t<\/div>\n\t\t\t\t\t<\/div>\n\t\t<\/div>\n\t\t\t\t<div class=\"elementor-column elementor-col-25 elementor-top-column elementor-element elementor-element-d2b7bb0\" data-id=\"d2b7bb0\" data-element_type=\"column\" data-e-type=\"column\">\n\t\t\t<div class=\"elementor-widget-wrap elementor-element-populated\">\n\t\t\t\t\t\t<div class=\"elementor-element elementor-element-c3593d5 elementor-widget elementor-widget-image\" data-id=\"c3593d5\" data-element_type=\"widget\" data-e-type=\"widget\" data-widget_type=\"image.default\">\n\t\t\t\t<div class=\"elementor-widget-container\">\n\t\t\t\t\t\t\t\t\t\t\t\t\t\t\t\t<a href=\"https:\/\/fsacali.org\/doc_pdf_2023\/certificado_cumplimientode_requisitos_2024_Representantelegal.pdf\">\n\t\t\t\t\t\t\t<img decoding=\"async\" width=\"512\" height=\"512\" src=\"https:\/\/fsacali.org\/inicio\/wp-content\/uploads\/2023\/05\/pdf.png\" class=\"attachment-large size-large wp-image-421\" alt=\"\" srcset=\"https:\/\/fsacali.org\/inicio\/wp-content\/uploads\/2023\/05\/pdf.png 512w, https:\/\/fsacali.org\/inicio\/wp-content\/uploads\/2023\/05\/pdf-300x300.png 300w, https:\/\/fsacali.org\/inicio\/wp-content\/uploads\/2023\/05\/pdf-150x150.png 150w, https:\/\/fsacali.org\/inicio\/wp-content\/uploads\/2023\/05\/elementor\/thumbs\/pdf-q6wfojl23v940iqvn3x9gday67uqrm25cvx4atayk4.png 50w\" sizes=\"(max-width: 512px) 100vw, 512px\" \/>\t\t\t\t\t\t\t\t<\/a>\n\t\t\t\t\t\t\t\t\t\t\t\t\t\t\t<\/div>\n\t\t\t\t<\/div>\n\t\t\t\t<div class=\"elementor-element elementor-element-ccf40bb elementor-widget elementor-widget-heading\" data-id=\"ccf40bb\" data-element_type=\"widget\" data-e-type=\"widget\" data-widget_type=\"heading.default\">\n\t\t\t\t<div class=\"elementor-widget-container\">\n\t\t\t\t\t<h6 class=\"elementor-heading-title elementor-size-default\"><a href=\"https:\/\/fsacali.org\/images\/Informativo\/2022\/Certificacion-Antecedentes.pdf\" target=\"_blank\">Certificado Cumplimiento de Requisitos 2024 Representante Legal.<\/a><\/h6>\t\t\t\t<\/div>\n\t\t\t\t<\/div>\n\t\t\t\t\t<\/div>\n\t\t<\/div>\n\t\t\t\t\t<\/div>\n\t\t<\/section>\n\t\t\t\t<section class=\"elementor-section elementor-top-section elementor-element elementor-element-f3b8fd1 elementor-section-height-min-height elementor-section-boxed elementor-section-height-default elementor-section-items-middle\" data-id=\"f3b8fd1\" data-element_type=\"section\" data-e-type=\"section\">\n\t\t\t\t\t\t<div class=\"elementor-container elementor-column-gap-default\">\n\t\t\t\t\t<div class=\"elementor-column elementor-col-25 elementor-top-column elementor-element elementor-element-a46e01c\" data-id=\"a46e01c\" data-element_type=\"column\" data-e-type=\"column\">\n\t\t\t<div class=\"elementor-widget-wrap elementor-element-populated\">\n\t\t\t\t\t\t<div class=\"elementor-element elementor-element-4949463 elementor-widget elementor-widget-image\" data-id=\"4949463\" data-element_type=\"widget\" data-e-type=\"widget\" data-widget_type=\"image.default\">\n\t\t\t\t<div class=\"elementor-widget-container\">\n\t\t\t\t\t\t\t\t\t\t\t\t\t\t\t\t<a href=\"https:\/\/fsacali.org\/doc_pdf_2023\/Regimen_Tributario_Especial_2023.pdf\">\n\t\t\t\t\t\t\t<img decoding=\"async\" width=\"512\" height=\"512\" src=\"https:\/\/fsacali.org\/inicio\/wp-content\/uploads\/2023\/05\/pdf.png\" class=\"attachment-large size-large wp-image-421\" alt=\"\" srcset=\"https:\/\/fsacali.org\/inicio\/wp-content\/uploads\/2023\/05\/pdf.png 512w, https:\/\/fsacali.org\/inicio\/wp-content\/uploads\/2023\/05\/pdf-300x300.png 300w, https:\/\/fsacali.org\/inicio\/wp-content\/uploads\/2023\/05\/pdf-150x150.png 150w, https:\/\/fsacali.org\/inicio\/wp-content\/uploads\/2023\/05\/elementor\/thumbs\/pdf-q6wfojl23v940iqvn3x9gday67uqrm25cvx4atayk4.png 50w\" sizes=\"(max-width: 512px) 100vw, 512px\" \/>\t\t\t\t\t\t\t\t<\/a>\n\t\t\t\t\t\t\t\t\t\t\t\t\t\t\t<\/div>\n\t\t\t\t<\/div>\n\t\t\t\t<div class=\"elementor-element elementor-element-ec1c0a0 elementor-widget elementor-widget-heading\" data-id=\"ec1c0a0\" data-element_type=\"widget\" data-e-type=\"widget\" data-widget_type=\"heading.default\">\n\t\t\t\t<div class=\"elementor-widget-container\">\n\t\t\t\t\t<h6 class=\"elementor-heading-title elementor-size-default\"><a href=\"https:\/\/fsacali.org\/images\/Informativo\/2022\/4.Certificado-calificacion-ESAL_-Fundacion-Arquidiocesa_ALHN-RF-618-2023.pdf\" target=\"_blank\">Regimen Tributario Especial 2023<\/a><\/h6>\t\t\t\t<\/div>\n\t\t\t\t<\/div>\n\t\t\t\t\t<\/div>\n\t\t<\/div>\n\t\t\t\t<div class=\"elementor-column elementor-col-25 elementor-top-column elementor-element elementor-element-a75a5e0\" data-id=\"a75a5e0\" data-element_type=\"column\" data-e-type=\"column\">\n\t\t\t<div class=\"elementor-widget-wrap elementor-element-populated\">\n\t\t\t\t\t\t<div class=\"elementor-element elementor-element-12aae2b elementor-widget elementor-widget-image\" data-id=\"12aae2b\" data-element_type=\"widget\" data-e-type=\"widget\" data-widget_type=\"image.default\">\n\t\t\t\t<div class=\"elementor-widget-container\">\n\t\t\t\t\t\t\t\t\t\t\t\t\t\t\t\t<a href=\"https:\/\/fsacali.org\/doc_pdf_2023\/Certificado_calificacion_ESAL_Fundacion_ArquidiocesanaALHN%20RF%20647-2024.pdf\">\n\t\t\t\t\t\t\t<img decoding=\"async\" width=\"512\" height=\"512\" src=\"https:\/\/fsacali.org\/inicio\/wp-content\/uploads\/2023\/05\/pdf.png\" class=\"attachment-large size-large wp-image-421\" alt=\"\" srcset=\"https:\/\/fsacali.org\/inicio\/wp-content\/uploads\/2023\/05\/pdf.png 512w, https:\/\/fsacali.org\/inicio\/wp-content\/uploads\/2023\/05\/pdf-300x300.png 300w, https:\/\/fsacali.org\/inicio\/wp-content\/uploads\/2023\/05\/pdf-150x150.png 150w, https:\/\/fsacali.org\/inicio\/wp-content\/uploads\/2023\/05\/elementor\/thumbs\/pdf-q6wfojl23v940iqvn3x9gday67uqrm25cvx4atayk4.png 50w\" sizes=\"(max-width: 512px) 100vw, 512px\" \/>\t\t\t\t\t\t\t\t<\/a>\n\t\t\t\t\t\t\t\t\t\t\t\t\t\t\t<\/div>\n\t\t\t\t<\/div>\n\t\t\t\t<div class=\"elementor-element elementor-element-12453b4 elementor-widget elementor-widget-heading\" data-id=\"12453b4\" data-element_type=\"widget\" data-e-type=\"widget\" data-widget_type=\"heading.default\">\n\t\t\t\t<div class=\"elementor-widget-container\">\n\t\t\t\t\t<h6 class=\"elementor-heading-title elementor-size-default\"><a href=\"https:\/\/fsacali.org\/images\/Informativo\/2022\/Rut-Fundacion-Solidaria-Arquidiocesana.pdf\" target=\"_blank\">Certificado de Calificacion  ESAL C  Fundacion Arquidiocesana           ALHN RF-647-2024<\/a><\/h6>\t\t\t\t<\/div>\n\t\t\t\t<\/div>\n\t\t\t\t\t<\/div>\n\t\t<\/div>\n\t\t\t\t<div class=\"elementor-column elementor-col-25 elementor-top-column elementor-element elementor-element-9789532\" data-id=\"9789532\" data-element_type=\"column\" data-e-type=\"column\">\n\t\t\t<div class=\"elementor-widget-wrap\">\n\t\t\t\t\t\t\t<\/div>\n\t\t<\/div>\n\t\t\t\t<div class=\"elementor-column elementor-col-25 elementor-top-column elementor-element elementor-element-435135e\" data-id=\"435135e\" data-element_type=\"column\" data-e-type=\"column\">\n\t\t\t<div class=\"elementor-widget-wrap\">\n\t\t\t\t\t\t\t<\/div>\n\t\t<\/div>\n\t\t\t\t\t<\/div>\n\t\t<\/section>\n\t\t\t\t<section class=\"elementor-section elementor-top-section elementor-element elementor-element-e4076bf elementor-section-height-min-height elementor-section-boxed elementor-section-height-default elementor-section-items-middle\" data-id=\"e4076bf\" data-element_type=\"section\" data-e-type=\"section\">\n\t\t\t\t\t\t<div class=\"elementor-container elementor-column-gap-default\">\n\t\t\t\t\t<div class=\"elementor-column elementor-col-100 elementor-top-column elementor-element elementor-element-ce3bfdd\" data-id=\"ce3bfdd\" data-element_type=\"column\" data-e-type=\"column\">\n\t\t\t<div class=\"elementor-widget-wrap\">\n\t\t\t\t\t\t\t<\/div>\n\t\t<\/div>\n\t\t\t\t\t<\/div>\n\t\t<\/section>\n\t\t\t\t<section class=\"elementor-section elementor-top-section elementor-element elementor-element-2c34a3d elementor-section-boxed elementor-section-height-default elementor-section-height-default\" data-id=\"2c34a3d\" data-element_type=\"section\" data-e-type=\"section\">\n\t\t\t\t\t\t<div class=\"elementor-container elementor-column-gap-default\">\n\t\t\t\t\t<div class=\"elementor-column elementor-col-100 elementor-top-column elementor-element elementor-element-4c4517e\" data-id=\"4c4517e\" data-element_type=\"column\" data-e-type=\"column\">\n\t\t\t<div class=\"elementor-widget-wrap elementor-element-populated\">\n\t\t\t\t\t\t\t<\/div>\n\t\t<\/div>\n\t\t\t\t\t<\/div>\n\t\t<\/section>\n\t\t\t\t<\/div>\n\t\t","protected":false},"excerpt":{"rendered":"<p>INFORMES DE GESTI\u00d3N R\u00c9GIMEN TRIBUTARIO ESPECIAL &#8211; 2023 Nuestro objetivo es brindarte transparencia y claridad en todos los aspectos legales y tributarios de nuestra fundaci\u00f3n. Si tienes alguna pregunta o necesitas m\u00e1s informaci\u00f3n, no dudes en ponerte en contacto con nuestro equipo. Estaremos encantados de asistirte en todo lo que podamos. Cartilla-Acciones Sociales 23 FSA [&hellip;]<\/p>\n","protected":false},"author":1,"featured_media":0,"parent":0,"menu_order":0,"comment_status":"open","ping_status":"closed","template":"elementor_header_footer","meta":{"footnotes":""},"class_list":["post-3054","page","type-page","status-publish","hentry"],"yoast_head":"<!-- This site is optimized with the Yoast SEO plugin v27.5 - https:\/\/yoast.com\/product\/yoast-seo-wordpress\/ -->\n<title>2023 R\u00e9gimen Tributario Especial - Fundaci\u00f3n Solidaria Arquidiocesana<\/title>\n<meta name=\"robots\" content=\"index, follow, max-snippet:-1, max-image-preview:large, max-video-preview:-1\" \/>\n<link rel=\"canonical\" href=\"https:\/\/fsacali.org\/inicio\/regimen-tributario-especial-2023\/\" \/>\n<meta property=\"og:locale\" content=\"es_ES\" \/>\n<meta property=\"og:type\" content=\"article\" \/>\n<meta property=\"og:title\" content=\"2023 R\u00e9gimen Tributario Especial - Fundaci\u00f3n Solidaria Arquidiocesana\" \/>\n<meta property=\"og:description\" content=\"INFORMES DE GESTI\u00d3N R\u00c9GIMEN TRIBUTARIO ESPECIAL &#8211; 2023 Nuestro objetivo es brindarte transparencia y claridad en todos los aspectos legales y tributarios de nuestra fundaci\u00f3n. Si tienes alguna pregunta o necesitas m\u00e1s informaci\u00f3n, no dudes en ponerte en contacto con nuestro equipo. Estaremos encantados de asistirte en todo lo que podamos. Cartilla-Acciones Sociales 23 FSA [&hellip;]\" \/>\n<meta property=\"og:url\" content=\"https:\/\/fsacali.org\/inicio\/regimen-tributario-especial-2023\/\" \/>\n<meta property=\"og:site_name\" content=\"Fundaci\u00f3n Solidaria Arquidiocesana\" \/>\n<meta property=\"article:modified_time\" content=\"2025-06-24T19:09:13+00:00\" \/>\n<meta property=\"og:image\" content=\"https:\/\/fsacali.org\/inicio\/wp-content\/uploads\/2023\/05\/dashboard.png\" \/>\n\t<meta property=\"og:image:width\" content=\"512\" \/>\n\t<meta property=\"og:image:height\" content=\"512\" \/>\n\t<meta property=\"og:image:type\" content=\"image\/png\" \/>\n<meta name=\"twitter:card\" content=\"summary_large_image\" \/>\n<meta name=\"twitter:label1\" content=\"Tiempo de lectura\" \/>\n\t<meta name=\"twitter:data1\" content=\"1 minuto\" \/>\n<script type=\"application\/ld+json\" class=\"yoast-schema-graph\">{\"@context\":\"https:\\\/\\\/schema.org\",\"@graph\":[{\"@type\":\"WebPage\",\"@id\":\"https:\\\/\\\/fsacali.org\\\/inicio\\\/regimen-tributario-especial-2023\\\/\",\"url\":\"https:\\\/\\\/fsacali.org\\\/inicio\\\/regimen-tributario-especial-2023\\\/\",\"name\":\"2023 R\u00e9gimen Tributario Especial - Fundaci\u00f3n Solidaria Arquidiocesana\",\"isPartOf\":{\"@id\":\"https:\\\/\\\/fsacali.org\\\/inicio\\\/#website\"},\"primaryImageOfPage\":{\"@id\":\"https:\\\/\\\/fsacali.org\\\/inicio\\\/regimen-tributario-especial-2023\\\/#primaryimage\"},\"image\":{\"@id\":\"https:\\\/\\\/fsacali.org\\\/inicio\\\/regimen-tributario-especial-2023\\\/#primaryimage\"},\"thumbnailUrl\":\"https:\\\/\\\/fsacali.org\\\/inicio\\\/wp-content\\\/uploads\\\/2023\\\/05\\\/dashboard.png\",\"datePublished\":\"2025-06-24T17:19:42+00:00\",\"dateModified\":\"2025-06-24T19:09:13+00:00\",\"breadcrumb\":{\"@id\":\"https:\\\/\\\/fsacali.org\\\/inicio\\\/regimen-tributario-especial-2023\\\/#breadcrumb\"},\"inLanguage\":\"es\",\"potentialAction\":[{\"@type\":\"ReadAction\",\"target\":[\"https:\\\/\\\/fsacali.org\\\/inicio\\\/regimen-tributario-especial-2023\\\/\"]}]},{\"@type\":\"ImageObject\",\"inLanguage\":\"es\",\"@id\":\"https:\\\/\\\/fsacali.org\\\/inicio\\\/regimen-tributario-especial-2023\\\/#primaryimage\",\"url\":\"https:\\\/\\\/fsacali.org\\\/inicio\\\/wp-content\\\/uploads\\\/2023\\\/05\\\/dashboard.png\",\"contentUrl\":\"https:\\\/\\\/fsacali.org\\\/inicio\\\/wp-content\\\/uploads\\\/2023\\\/05\\\/dashboard.png\",\"width\":512,\"height\":512},{\"@type\":\"BreadcrumbList\",\"@id\":\"https:\\\/\\\/fsacali.org\\\/inicio\\\/regimen-tributario-especial-2023\\\/#breadcrumb\",\"itemListElement\":[{\"@type\":\"ListItem\",\"position\":1,\"name\":\"Portada\",\"item\":\"https:\\\/\\\/fsacali.org\\\/inicio\\\/\"},{\"@type\":\"ListItem\",\"position\":2,\"name\":\"2023 R\u00e9gimen Tributario Especial\"}]},{\"@type\":\"WebSite\",\"@id\":\"https:\\\/\\\/fsacali.org\\\/inicio\\\/#website\",\"url\":\"https:\\\/\\\/fsacali.org\\\/inicio\\\/\",\"name\":\"Fundaci\u00f3n Solidaria Arquidiocesana\",\"description\":\"Fundaci\u00f3n Solidaria Arquidiocesana\",\"publisher\":{\"@id\":\"https:\\\/\\\/fsacali.org\\\/inicio\\\/#organization\"},\"potentialAction\":[{\"@type\":\"SearchAction\",\"target\":{\"@type\":\"EntryPoint\",\"urlTemplate\":\"https:\\\/\\\/fsacali.org\\\/inicio\\\/?s={search_term_string}\"},\"query-input\":{\"@type\":\"PropertyValueSpecification\",\"valueRequired\":true,\"valueName\":\"search_term_string\"}}],\"inLanguage\":\"es\"},{\"@type\":\"Organization\",\"@id\":\"https:\\\/\\\/fsacali.org\\\/inicio\\\/#organization\",\"name\":\"Fundaci\u00f3n Solidaria Arquidiocesana\",\"url\":\"https:\\\/\\\/fsacali.org\\\/inicio\\\/\",\"logo\":{\"@type\":\"ImageObject\",\"inLanguage\":\"es\",\"@id\":\"https:\\\/\\\/fsacali.org\\\/inicio\\\/#\\\/schema\\\/logo\\\/image\\\/\",\"url\":\"https:\\\/\\\/fsacali.org\\\/inicio\\\/wp-content\\\/uploads\\\/2023\\\/05\\\/Recurso-1.png\",\"contentUrl\":\"https:\\\/\\\/fsacali.org\\\/inicio\\\/wp-content\\\/uploads\\\/2023\\\/05\\\/Recurso-1.png\",\"width\":496,\"height\":561,\"caption\":\"Fundaci\u00f3n Solidaria Arquidiocesana\"},\"image\":{\"@id\":\"https:\\\/\\\/fsacali.org\\\/inicio\\\/#\\\/schema\\\/logo\\\/image\\\/\"}}]}<\/script>\n<!-- \/ Yoast SEO plugin. -->","yoast_head_json":{"title":"2023 R\u00e9gimen Tributario Especial - Fundaci\u00f3n Solidaria Arquidiocesana","robots":{"index":"index","follow":"follow","max-snippet":"max-snippet:-1","max-image-preview":"max-image-preview:large","max-video-preview":"max-video-preview:-1"},"canonical":"https:\/\/fsacali.org\/inicio\/regimen-tributario-especial-2023\/","og_locale":"es_ES","og_type":"article","og_title":"2023 R\u00e9gimen Tributario Especial - Fundaci\u00f3n Solidaria Arquidiocesana","og_description":"INFORMES DE GESTI\u00d3N R\u00c9GIMEN TRIBUTARIO ESPECIAL &#8211; 2023 Nuestro objetivo es brindarte transparencia y claridad en todos los aspectos legales y tributarios de nuestra fundaci\u00f3n. Si tienes alguna pregunta o necesitas m\u00e1s informaci\u00f3n, no dudes en ponerte en contacto con nuestro equipo. Estaremos encantados de asistirte en todo lo que podamos. Cartilla-Acciones Sociales 23 FSA [&hellip;]","og_url":"https:\/\/fsacali.org\/inicio\/regimen-tributario-especial-2023\/","og_site_name":"Fundaci\u00f3n Solidaria Arquidiocesana","article_modified_time":"2025-06-24T19:09:13+00:00","og_image":[{"width":512,"height":512,"url":"https:\/\/fsacali.org\/inicio\/wp-content\/uploads\/2023\/05\/dashboard.png","type":"image\/png"}],"twitter_card":"summary_large_image","twitter_misc":{"Tiempo de lectura":"1 minuto"},"schema":{"@context":"https:\/\/schema.org","@graph":[{"@type":"WebPage","@id":"https:\/\/fsacali.org\/inicio\/regimen-tributario-especial-2023\/","url":"https:\/\/fsacali.org\/inicio\/regimen-tributario-especial-2023\/","name":"2023 R\u00e9gimen Tributario Especial - Fundaci\u00f3n Solidaria Arquidiocesana","isPartOf":{"@id":"https:\/\/fsacali.org\/inicio\/#website"},"primaryImageOfPage":{"@id":"https:\/\/fsacali.org\/inicio\/regimen-tributario-especial-2023\/#primaryimage"},"image":{"@id":"https:\/\/fsacali.org\/inicio\/regimen-tributario-especial-2023\/#primaryimage"},"thumbnailUrl":"https:\/\/fsacali.org\/inicio\/wp-content\/uploads\/2023\/05\/dashboard.png","datePublished":"2025-06-24T17:19:42+00:00","dateModified":"2025-06-24T19:09:13+00:00","breadcrumb":{"@id":"https:\/\/fsacali.org\/inicio\/regimen-tributario-especial-2023\/#breadcrumb"},"inLanguage":"es","potentialAction":[{"@type":"ReadAction","target":["https:\/\/fsacali.org\/inicio\/regimen-tributario-especial-2023\/"]}]},{"@type":"ImageObject","inLanguage":"es","@id":"https:\/\/fsacali.org\/inicio\/regimen-tributario-especial-2023\/#primaryimage","url":"https:\/\/fsacali.org\/inicio\/wp-content\/uploads\/2023\/05\/dashboard.png","contentUrl":"https:\/\/fsacali.org\/inicio\/wp-content\/uploads\/2023\/05\/dashboard.png","width":512,"height":512},{"@type":"BreadcrumbList","@id":"https:\/\/fsacali.org\/inicio\/regimen-tributario-especial-2023\/#breadcrumb","itemListElement":[{"@type":"ListItem","position":1,"name":"Portada","item":"https:\/\/fsacali.org\/inicio\/"},{"@type":"ListItem","position":2,"name":"2023 R\u00e9gimen Tributario Especial"}]},{"@type":"WebSite","@id":"https:\/\/fsacali.org\/inicio\/#website","url":"https:\/\/fsacali.org\/inicio\/","name":"Fundaci\u00f3n Solidaria Arquidiocesana","description":"Fundaci\u00f3n Solidaria Arquidiocesana","publisher":{"@id":"https:\/\/fsacali.org\/inicio\/#organization"},"potentialAction":[{"@type":"SearchAction","target":{"@type":"EntryPoint","urlTemplate":"https:\/\/fsacali.org\/inicio\/?s={search_term_string}"},"query-input":{"@type":"PropertyValueSpecification","valueRequired":true,"valueName":"search_term_string"}}],"inLanguage":"es"},{"@type":"Organization","@id":"https:\/\/fsacali.org\/inicio\/#organization","name":"Fundaci\u00f3n Solidaria Arquidiocesana","url":"https:\/\/fsacali.org\/inicio\/","logo":{"@type":"ImageObject","inLanguage":"es","@id":"https:\/\/fsacali.org\/inicio\/#\/schema\/logo\/image\/","url":"https:\/\/fsacali.org\/inicio\/wp-content\/uploads\/2023\/05\/Recurso-1.png","contentUrl":"https:\/\/fsacali.org\/inicio\/wp-content\/uploads\/2023\/05\/Recurso-1.png","width":496,"height":561,"caption":"Fundaci\u00f3n Solidaria Arquidiocesana"},"image":{"@id":"https:\/\/fsacali.org\/inicio\/#\/schema\/logo\/image\/"}}]}},"_links":{"self":[{"href":"https:\/\/fsacali.org\/inicio\/wp-json\/wp\/v2\/pages\/3054","targetHints":{"allow":["GET"]}}],"collection":[{"href":"https:\/\/fsacali.org\/inicio\/wp-json\/wp\/v2\/pages"}],"about":[{"href":"https:\/\/fsacali.org\/inicio\/wp-json\/wp\/v2\/types\/page"}],"author":[{"embeddable":true,"href":"https:\/\/fsacali.org\/inicio\/wp-json\/wp\/v2\/users\/1"}],"replies":[{"embeddable":true,"href":"https:\/\/fsacali.org\/inicio\/wp-json\/wp\/v2\/comments?post=3054"}],"version-history":[{"count":61,"href":"https:\/\/fsacali.org\/inicio\/wp-json\/wp\/v2\/pages\/3054\/revisions"}],"predecessor-version":[{"id":3121,"href":"https:\/\/fsacali.org\/inicio\/wp-json\/wp\/v2\/pages\/3054\/revisions\/3121"}],"wp:attachment":[{"href":"https:\/\/fsacali.org\/inicio\/wp-json\/wp\/v2\/media?parent=3054"}],"curies":[{"name":"wp","href":"https:\/\/api.w.org\/{rel}","templated":true}]}}